{"id":2769721,"date":"2025-10-04T01:31:07","date_gmt":"2025-10-03T23:31:07","guid":{"rendered":"https:\/\/streetmarkets.fr\/app\/produit\/bo-sioux\/"},"modified":"2026-05-02T01:17:12","modified_gmt":"2026-05-01T23:17:12","slug":"bo-sioux","status":"publish","type":"product","link":"https:\/\/streetmarkets.fr\/app\/produit\/bo-sioux\/","title":{"rendered":"BO Sioux"},"content":{"rendered":"<p><a title=\"Collection Judith Benita\" href=\"\/collections\/judith-benita\"><strong>Collection Judith Benita<\/strong><\/a><\/p>\n<p><span>Des pi\u00e8ces \u00e0 la fois simples et singuli\u00e8res qui associent la r\u00e9gularit\u00e9 d\u2019un montage pr\u00e9cis et le placement al\u00e9atoire de la couleur, pour des pi\u00e8ces toujours uniques. Un bijou solaire aux reflets joyeux oscillant entre l&#8217;or et une palette de couleurs vibrantes. Une touche de lumi\u00e8re au quotidien !<\/span><\/p>\n<ul>\n<li>Mat\u00e9riaux : b<span>oucles d&#8217;oreille frang\u00e9es de laiton dor\u00e9 \u00e0 l&#8217;or fin recycl\u00e9 24 carats, couleur laqu\u00e9e<\/span>\n<\/li>\n<li>Dimensions : longueur 6 cm\n<\/li>\n<li>Pens\u00e9es et fabriqu\u00e9es main \u00e0 Paris<\/li>\n<li>Livr\u00e9es dans leur packaging individuel \u00e9cologique<\/li>\n<li>Conseils d&#8217;entretien : \u00e9vitez le contact avec l&#8217;eau et le parfum afin que le bijou conserve son \u00e9clat.<\/li>\n<li>Les mati\u00e8res premi\u00e8res sont soigneusement s\u00e9lectionn\u00e9es et sans risques pour votre sant\u00e9 : elles ne contiennent ni plomb, ni nickel, ni cadmium, conform\u00e9ment \u00e0 la l\u00e9gislation.<\/li>\n<\/ul>\n<p>:: Bijou pens\u00e9 et fabriqu\u00e9 main \u00e0 Paris dans l&#8217;atelier de la cr\u00e9atrice ::<\/p>\n","protected":false},"excerpt":{"rendered":"<p>Collection Judith Benita Des pi\u00e8ces \u00e0 la fois simples et singuli\u00e8res qui associent la r\u00e9gularit\u00e9 d\u2019un montage pr\u00e9cis et le placement al\u00e9atoire de la couleur, pour des pi\u00e8ces toujours uniques. Un bijou solaire aux reflets joyeux oscillant entre l&#8217;or et une palette de couleurs vibrantes. Une touche de lumi\u00e8re au quotidien ! Mat\u00e9riaux : boucles [&hellip;]<\/p>\n","protected":false},"featured_media":2769722,"comment_status":"open","ping_status":"closed","template":"","meta":[],"product_brand":[],"product_cat":[1807,1756],"product_tag":[2244,1811],"acf":[],"_links":{"self":[{"href":"https:\/\/streetmarkets.fr\/app\/wp-json\/wp\/v2\/product\/2769721"}],"collection":[{"href":"https:\/\/streetmarkets.fr\/app\/wp-json\/wp\/v2\/product"}],"about":[{"href":"https:\/\/streetmarkets.fr\/app\/wp-json\/wp\/v2\/types\/product"}],"replies":[{"embeddable":true,"href":"https:\/\/streetmarkets.fr\/app\/wp-json\/wp\/v2\/comments?post=2769721"}],"wp:featuredmedia":[{"embeddable":true,"href":"https:\/\/streetmarkets.fr\/app\/wp-json\/wp\/v2\/media\/2769722"}],"wp:attachment":[{"href":"https:\/\/streetmarkets.fr\/app\/wp-json\/wp\/v2\/media?parent=2769721"}],"wp:term":[{"taxonomy":"product_brand","embeddable":true,"href":"https:\/\/streetmarkets.fr\/app\/wp-json\/wp\/v2\/product_brand?post=2769721"},{"taxonomy":"product_cat","embeddable":true,"href":"https:\/\/streetmarkets.fr\/app\/wp-json\/wp\/v2\/product_cat?post=2769721"},{"taxonomy":"product_tag","embeddable":true,"href":"https:\/\/streetmarkets.fr\/app\/wp-json\/wp\/v2\/product_tag?post=2769721"}],"curies":[{"name":"wp","href":"https:\/\/api.w.org\/{rel}","templated":true}]}}