{"id":2458871,"date":"2025-08-15T01:49:41","date_gmt":"2025-08-14T23:49:41","guid":{"rendered":"https:\/\/streetmarkets.fr\/app\/produit\/boucles-ovales-noires\/"},"modified":"2025-08-17T01:46:15","modified_gmt":"2025-08-16T23:46:15","slug":"boucles-ovales-noires","status":"publish","type":"product","link":"https:\/\/streetmarkets.fr\/app\/produit\/boucles-ovales-noires\/","title":{"rendered":"Boucles Ovales Noires"},"content":{"rendered":"<p><span style=\"color:#333333\">Coup de coeur Coco Friendly pour ces boucles ovales, en bois \u00e9co-certifi\u00e9s et en cuir recycl\u00e9. Elles se balanceront \u00e0 vos oreilles avec grande allure et une l\u00e9g\u00e8ret\u00e9 surprenante !<\/span><\/p>\n<p><span style=\"color:#333333\">Mettez votre visage en valeur et habillez votre tenue gr\u00e2ce \u00e0 ces boucles d&#8217;oreilles noires.<\/span><\/p>\n<p><span style=\"color:#333333\"><\/span><\/p>\n<p><span style=\"color:#333333\"> Opter pour des bijoux de cr\u00e9ateurs Fran\u00e7ais et valoriser le savoir-faire fran\u00e7ais et les circuits courts<\/span><\/p>\n<p>\u00a0<\/p>\n<ul>\n<li style=\"text-align:justify\">Boucles ovales noires<\/li>\n<li style=\"text-align:justify\">Fabriqu\u00e9es \u00e0 partir de chutes de cuir de maisons de luxe fran\u00e7aise<\/li>\n<li style=\"text-align:justify\"><span style=\"text-align:left\">Chaque paire est unique, elle peut ainsi \u00eatre l\u00e9g\u00e8rement diff\u00e9rente de la photo<\/span><\/li>\n<\/ul>\n<p><span style=\"text-align:justify\"><\/span><\/p>\n<p><strong><em>Composition<\/em>:<\/strong><\/p>\n<ul>\n<li><span style=\"color:#333333\">Attache et fermoir puce en m\u00e9tal inoxydable hypoallerg\u00e9nique<\/span><span style=\"color:#333333\"><\/span><\/li>\n<li><span style=\"color:#333333\">Chutes de cuir de maisons de luxe fran\u00e7aise<\/span><\/li>\n<li><span style=\"color:#333333\">Bois \u00e9co-certifi\u00e9 du Massif Central<\/span><\/li>\n<li><span style=\"color:#333333\">Garanti sans plomb ni nickel<\/span><\/li>\n<li style=\"border:0px;font-style:inherit;font-weight:inherit;margin:0px;padding:0px;vertical-align:baseline\"><span style=\"color:#333333\">Mat\u00e9riaux r\u00e9sistants, \u00e9viter de les mettre au contact du chlore et du sel de mer<\/span><\/li>\n<\/ul>\n<p><span style=\"color:#333333\"><\/span><\/p>\n<p><em><strong>Fabrication<\/strong><\/em>:<\/p>\n<ul>\n<li>Ce bijoux est fabriqu\u00e9 \u00e0 Rennes, en France<\/li>\n<\/ul>\n<p><em><strong>Label(s)<\/strong><\/em>:\u00a0<\/p>\n<\/p>\n<p><em><strong>Taille<\/strong><\/em>:\u00a0<span style=\"color:#333333\">Ce bijou mesure 4,2 cm de long x 2 cm de large.<\/span><\/p>\n","protected":false},"excerpt":{"rendered":"<p>Coup de coeur Coco Friendly pour ces boucles ovales, en bois \u00e9co-certifi\u00e9s et en cuir recycl\u00e9. Elles se balanceront \u00e0 vos oreilles avec grande allure et une l\u00e9g\u00e8ret\u00e9 surprenante ! Mettez votre visage en valeur et habillez votre tenue gr\u00e2ce \u00e0 ces boucles d&#8217;oreilles noires. Opter pour des bijoux de cr\u00e9ateurs Fran\u00e7ais et valoriser le [&hellip;]<\/p>\n","protected":false},"featured_media":2458872,"comment_status":"open","ping_status":"closed","template":"","meta":[],"product_brand":[],"product_cat":[1807,1756],"product_tag":[1810],"acf":[],"_links":{"self":[{"href":"https:\/\/streetmarkets.fr\/app\/wp-json\/wp\/v2\/product\/2458871"}],"collection":[{"href":"https:\/\/streetmarkets.fr\/app\/wp-json\/wp\/v2\/product"}],"about":[{"href":"https:\/\/streetmarkets.fr\/app\/wp-json\/wp\/v2\/types\/product"}],"replies":[{"embeddable":true,"href":"https:\/\/streetmarkets.fr\/app\/wp-json\/wp\/v2\/comments?post=2458871"}],"wp:featuredmedia":[{"embeddable":true,"href":"https:\/\/streetmarkets.fr\/app\/wp-json\/wp\/v2\/media\/2458872"}],"wp:attachment":[{"href":"https:\/\/streetmarkets.fr\/app\/wp-json\/wp\/v2\/media?parent=2458871"}],"wp:term":[{"taxonomy":"product_brand","embeddable":true,"href":"https:\/\/streetmarkets.fr\/app\/wp-json\/wp\/v2\/product_brand?post=2458871"},{"taxonomy":"product_cat","embeddable":true,"href":"https:\/\/streetmarkets.fr\/app\/wp-json\/wp\/v2\/product_cat?post=2458871"},{"taxonomy":"product_tag","embeddable":true,"href":"https:\/\/streetmarkets.fr\/app\/wp-json\/wp\/v2\/product_tag?post=2458871"}],"curies":[{"name":"wp","href":"https:\/\/api.w.org\/{rel}","templated":true}]}}